{"id":209,"date":"2021-12-23T21:09:28","date_gmt":"2021-12-23T21:09:28","guid":{"rendered":"https:\/\/jechoteles.com\/hotel-alicante-bogota\/?page_id=209"},"modified":"2021-12-23T22:37:22","modified_gmt":"2021-12-23T22:37:22","slug":"doble-mas-individual","status":"publish","type":"page","link":"https:\/\/jechoteles.com\/hotel-alicante-bogota\/habitaciones\/doble-mas-individual\/","title":{"rendered":"Doble m\u00e1s individual"},"content":{"rendered":"<section class=\"l-section wpb_row height_huge color_primary with_img\"><div class=\"l-section-img\" style=\"background-image: url(https:\/\/jechoteles.com\/hotel-alicante-bogota\/wp-content\/uploads\/sites\/10\/2021\/12\/121785536.jpg);\" data-img-width=\"871\" data-img-height=\"600\"><\/div><div class=\"l-section-overlay\" style=\"background:rgba(0,0,0,0.50)\"><\/div><div class=\"l-section-h i-cf\"><div class=\"g-cols via_grid cols_2 laptops-cols_inherit tablets-cols_inherit mobiles-cols_1 valign_top type_default\"><div class=\"wpb_column vc_column_container\"><div class=\"vc_column-inner\">[vc_custom_heading text=&#8221;Doble m\u00e1s individual&#8221; google_fonts=&#8221;font_family:Raleway%3A100%2C200%2C300%2Cregular%2C500%2C600%2C700%2C800%2C900|font_style:500%20bold%20regular%3A500%3Anormal&#8221;]<div class=\"wpb_text_column\"><div class=\"wpb_wrapper\"><p>Nuestras habitaciones doble m\u00e1s cama individual ofrecen un amplio espacio para compartir un viaje en familia. Con la doble opci\u00f3n de tener una vista al exterior, mirando el mar y las calles de Bocagrande o m\u00e1s bien un emplazamiento interior, lejos del ruido y las perturbaciones externas.<\/p>\n<\/div><\/div><\/div><\/div><div class=\"wpb_column vc_column_container\"><div class=\"vc_column-inner\"><div class=\"w-tabs style_default switch_click accordion has_scrolling\" style=\"--sections-title-size:inherit\"><div class=\"w-tabs-sections titles-align_none icon_chevron cpos_right\"><div class=\"w-tabs-section\" id=\"m737\"><button aria-controls=\"content-m737\" class=\"w-tabs-section-header with_icon\"><i class=\"fas fa-heart\"><\/i><div class=\"w-tabs-section-title\">Caracter\u00edsticas<\/div><div class=\"w-tabs-section-control\"><\/div><\/button><div class=\"w-tabs-section-content\" id=\"content-m737\" aria-expanded=\"false\"><div class=\"w-tabs-section-content-h i-cf\"><div class=\"wpb_text_column\"><div class=\"wpb_wrapper\"><ul>\n<li>Cama Doble 1.60m x 2.00 m + cama individual 1.00 x 2.00 m<\/li>\n<li>Vista interior\/exterior<\/li>\n<li>Ba\u00f1o privado<\/li>\n<\/ul>\n<\/div><\/div><\/div><\/div><\/div><div class=\"w-tabs-section\" id=\"l8fe\"><button aria-controls=\"content-l8fe\" class=\"w-tabs-section-header with_icon\"><i class=\"fas fa-star\"><\/i><div class=\"w-tabs-section-title\">Comodidades<\/div><div class=\"w-tabs-section-control\"><\/div><\/button><div class=\"w-tabs-section-content\" id=\"content-l8fe\" aria-expanded=\"false\"><div class=\"w-tabs-section-content-h i-cf\"><div class=\"g-cols wpb_row via_grid cols_2 laptops-cols_inherit tablets-cols_inherit mobiles-cols_1 valign_top type_default\"><div class=\"wpb_column vc_column_container\"><div class=\"vc_column-inner\"><div class=\"wpb_text_column\"><div class=\"wpb_wrapper\"><ul>\n<li>Lencer\u00eda con 180 hilos<\/li>\n<li>Televisi\u00f3n por cable HD<\/li>\n<li>Aire acondicionado mini split<\/li>\n<li>Silla auxiliar<\/li>\n<li>Minibar<\/li>\n<li>Caja fuerte<\/li>\n<li>Wifi de cortes\u00eda<\/li>\n<\/ul>\n<\/div><\/div><\/div><\/div><div class=\"wpb_column vc_column_container\"><div class=\"vc_column-inner\"><div class=\"wpb_text_column\"><div class=\"wpb_wrapper\"><ul>\n<li>Radio despertador<\/li>\n<li>Luces led<\/li>\n<li>Escritorio<\/li>\n<li>Portamaleta<\/li>\n<li>Cl\u00f3set<\/li>\n<li>Sof\u00e1 auxiliar<\/li>\n<\/ul>\n<\/div><\/div><\/div><\/div><\/div><\/div><\/div><\/div><\/div><\/div><div class=\"w-separator size_medium\"><\/div><div class=\"w-sharing type_simple align_center color_default\"><div class=\"w-sharing-list\"><a class=\"w-sharing-item email\" href=\"mailto:?subject=Doble m\u00e1s individual&amp;body=https:\/\/jechoteles.com\/hotel-alicante-bogota\/wp-json\/wp\/v2\/pages\/209\" title=\"Env\u00edalo por mail\" aria-label=\"Env\u00edalo por mail\"><i class=\"fas fa-envelope\"><\/i><\/a><a class=\"w-sharing-item facebook\" href=\"https:\/\/www.facebook.com\/sharer\/sharer.php?u=https:\/\/jechoteles.com\/hotel-alicante-bogota\/wp-json\/wp\/v2\/pages\/209&amp;quote=Doble m\u00e1s individual\" title=\"Comparte esto\" aria-label=\"Comparte esto\" onclick=\"window.open(this.href, &quot;facebook&quot;, &quot;toolbar=0,width=900,height=500&quot;); return false;\"><i class=\"fab fa-facebook\"><\/i><\/a><a class=\"w-sharing-item twitter\" href=\"https:\/\/twitter.com\/intent\/tweet?text=Doble m\u00e1s individual&amp;url=https:\/\/jechoteles.com\/hotel-alicante-bogota\/wp-json\/wp\/v2\/pages\/209\" title=\"Twittear\" aria-label=\"Twittear\" onclick=\"window.open(this.href, &quot;twitter&quot;, &quot;toolbar=0,width=650,height=360&quot;); return false;\"><i class=\"fab fa-twitter\"><\/i><\/a><a class=\"w-sharing-item whatsapp\" href=\"https:\/\/web.whatsapp.com\/send?text=Doble m\u00e1s individual https:\/\/jechoteles.com\/hotel-alicante-bogota\/wp-json\/wp\/v2\/pages\/209\" title=\"Comparte esto\" aria-label=\"Comparte esto\" onclick=\"window.open(this.href, &quot;whatsapp&quot;, &quot;toolbar=0,width=900,height=500&quot;); return false;\"><i class=\"fab fa-whatsapp\"><\/i><\/a><\/div><\/div><div class=\"w-separator size_medium\"><\/div><\/div><\/div><\/div><\/div><\/section>\n","protected":false},"excerpt":{"rendered":"[vc_custom_heading text=\"Doble m\u00e1s individual\" google_fonts=\"font_family:Raleway%3A100%2C200%2C300%2Cregular%2C500%2C600%2C700%2C800%2C900|font_style:500%20bold%20regular%3A500%3Anormal\"]Nuestras habitaciones doble m\u00e1s cama individual ofrecen un amplio espacio para compartir un viaje en familia. Con la doble opci\u00f3n de tener una vista al exterior, mirando el mar y las calles de Bocagrande o m\u00e1s bien un emplazamiento interior, lejos del ruido y las perturbaciones externas. Caracter\u00edsticas Cama Doble 1.60m...","protected":false},"author":1,"featured_media":31,"parent":103,"menu_order":0,"comment_status":"closed","ping_status":"closed","template":"","meta":{"_joinchat":[],"footnotes":""},"class_list":["post-209","page","type-page","status-publish","has-post-thumbnail","hentry"],"_links":{"self":[{"href":"https:\/\/jechoteles.com\/hotel-alicante-bogota\/wp-json\/wp\/v2\/pages\/209","targetHints":{"allow":["GET"]}}],"collection":[{"href":"https:\/\/jechoteles.com\/hotel-alicante-bogota\/wp-json\/wp\/v2\/pages"}],"about":[{"href":"https:\/\/jechoteles.com\/hotel-alicante-bogota\/wp-json\/wp\/v2\/types\/page"}],"author":[{"embeddable":true,"href":"https:\/\/jechoteles.com\/hotel-alicante-bogota\/wp-json\/wp\/v2\/users\/1"}],"replies":[{"embeddable":true,"href":"https:\/\/jechoteles.com\/hotel-alicante-bogota\/wp-json\/wp\/v2\/comments?post=209"}],"version-history":[{"count":3,"href":"https:\/\/jechoteles.com\/hotel-alicante-bogota\/wp-json\/wp\/v2\/pages\/209\/revisions"}],"predecessor-version":[{"id":212,"href":"https:\/\/jechoteles.com\/hotel-alicante-bogota\/wp-json\/wp\/v2\/pages\/209\/revisions\/212"}],"up":[{"embeddable":true,"href":"https:\/\/jechoteles.com\/hotel-alicante-bogota\/wp-json\/wp\/v2\/pages\/103"}],"wp:featuredmedia":[{"embeddable":true,"href":"https:\/\/jechoteles.com\/hotel-alicante-bogota\/wp-json\/wp\/v2\/media\/31"}],"wp:attachment":[{"href":"https:\/\/jechoteles.com\/hotel-alicante-bogota\/wp-json\/wp\/v2\/media?parent=209"}],"curies":[{"name":"wp","href":"https:\/\/api.w.org\/{rel}","templated":true}]}}